{"id":686,"date":"2022-03-23T14:44:27","date_gmt":"2022-03-23T13:44:27","guid":{"rendered":"https:\/\/nowymodel.org\/?page_id=686"},"modified":"2022-05-12T14:23:39","modified_gmt":"2022-05-12T12:23:39","slug":"katarzyna-laskowska","status":"publish","type":"page","link":"https:\/\/nowymodel.org\/en\/katarzyna-laskowska\/","title":{"rendered":"Katarzyna Laskowska"},"content":{"rendered":"<div class=\"wp-block-cover alignfull\" style=\"min-height:445px;aspect-ratio:unset;\"><span aria-hidden=\"true\" class=\"has-background-dim-20 wp-block-cover__gradient-background has-background-dim\" style=\"background-color:#000000\"><\/span><img fetchpriority=\"high\" decoding=\"async\" width=\"1170\" height=\"700\" class=\"wp-block-cover__image-background wp-image-693\" alt=\"\" src=\"https:\/\/nowymodel.org\/wp-content\/uploads\/2022\/03\/Elastyczna-przestrzen-1-1170x700-1.jpg\" style=\"object-position:42% 23%\" data-object-fit=\"cover\" data-object-position=\"42% 23%\" srcset=\"https:\/\/nowymodel.org\/wp-content\/uploads\/2022\/03\/Elastyczna-przestrzen-1-1170x700-1.jpg 1170w, https:\/\/nowymodel.org\/wp-content\/uploads\/2022\/03\/Elastyczna-przestrzen-1-1170x700-1-300x179.jpg 300w, https:\/\/nowymodel.org\/wp-content\/uploads\/2022\/03\/Elastyczna-przestrzen-1-1170x700-1-1024x613.jpg 1024w, https:\/\/nowymodel.org\/wp-content\/uploads\/2022\/03\/Elastyczna-przestrzen-1-1170x700-1-768x459.jpg 768w, https:\/\/nowymodel.org\/wp-content\/uploads\/2022\/03\/Elastyczna-przestrzen-1-1170x700-1-18x12.jpg 18w, https:\/\/nowymodel.org\/wp-content\/uploads\/2022\/03\/Elastyczna-przestrzen-1-1170x700-1-416x249.jpg 416w\" sizes=\"(max-width: 1170px) 100vw, 1170px\" \/><div class=\"wp-block-cover__inner-container is-layout-flow wp-block-cover-is-layout-flow\">\n<div class=\"wp-block-columns is-layout-flex wp-container-core-columns-is-layout-9d6595d7 wp-block-columns-is-layout-flex\">\n<div class=\"wp-block-column is-layout-flow wp-block-column-is-layout-flow\">\n<h2 class=\"alignwide has-text-align-center has-white-color has-text-color wp-block-heading\" id=\"we-re-a-studio-in-berlin-with-an-international-practice-in-architecture-urban-planning-and-interior-design-we-believe-in-sharing-knowledge-and-promoting-dialogue-to-increase-the-creative-potential-of-collaboration\" style=\"font-size:48px;line-height:1.1\"><strong>Katarzyna Laskowska<\/strong><\/h2>\n\n\n\n<p class=\"has-text-align-center has-luminous-vivid-amber-color has-text-color\" style=\"text-transform:lowercase\">architecture &amp; education<\/p>\n<\/div>\n<\/div>\n<\/div><\/div>\n\n\n\n<div style=\"height:100px\" aria-hidden=\"true\" class=\"wp-block-spacer\"><\/div>\n\n\n\n<div class=\"wp-block-columns is-layout-flex wp-container-core-columns-is-layout-9d6595d7 wp-block-columns-is-layout-flex\">\n<div class=\"wp-block-column is-layout-flow wp-block-column-is-layout-flow\">\n<blockquote class=\"wp-block-quote is-layout-flow wp-block-quote-is-layout-flow\"><p>\"My professional activity is between ... design, research and education.<\/p><\/blockquote>\n\n\n\n<p>Professor of the University of Arts in Poznan. She teaches design at the Faculty of Architecture and Design. When she decided to study at the Poznan university, she already had important experience from her studies at the Institute of Archaeology and Art History at the Sorbonne and the University of Warsaw.<\/p>\n\n\n\n<p>She was the first student of Prof. Aleksander Kuczma, who founded the Furniture Design Studio at the Poznan University in 1991. The atelier with a model room created ideal conditions for experimentation. Working with Prof. Kuczma, she was also able to develop her pedagogical potential and her ability to create new situations, especially forms of cooperation between the designer and industry.<\/p>\n\n\n\n<p>This potential came to fruition 12 years ago. On her initiative, the Studio of Educational Programmes and Cooperation with Industry (PE-P) was established at UAP. To this day, it is the most innovative educational model in the country, which enables design students to have direct contact with the manufacturer and learn the entire process of implementing a new design.<\/p>\n\n\n\n<p>The effects of PE-P include cooperation with 30 companies, over 200 student projects, 61 prototypes made by furniture factories, 5 production implementations and more in the pipeline. Each edition of the programme ends with an exhibition.<\/p>\n\n\n\n<p>In addition to his work at the university, he conducts design workshops in Poland and abroad, including Mexico, as well as research projects. He is involved in exhibitions, interior design, photography, design promotion and, of course, furniture design.<\/p>\n\n\n\n<p>At the 4th Biennale in Saint-Etienne in 2004, she presented her project CUBO - an individual place for work and rest. Since 2012 Klose company has been producing her furniture set for the dining room and living room KOLEKCJONER.<\/p>\n\n\n\n<p>In 2006, she was a commissioner of the Polish exhibition at the 5th International Design Biennale in Saint-Etienne, which was considered the most interesting event of the event.<\/p>\n<\/div>\n\n\n\n<div class=\"wp-block-column is-layout-flow wp-block-column-is-layout-flow\">\n<figure class=\"wp-block-image size-large\"><img decoding=\"async\" width=\"681\" height=\"1024\" src=\"https:\/\/nowymodel.org\/wp-content\/uploads\/2022\/03\/BS_ka-8-681x1024.jpg\" alt=\"\" class=\"wp-image-695\" srcset=\"https:\/\/nowymodel.org\/wp-content\/uploads\/2022\/03\/BS_ka-8-681x1024.jpg 681w, https:\/\/nowymodel.org\/wp-content\/uploads\/2022\/03\/BS_ka-8-200x300.jpg 200w, https:\/\/nowymodel.org\/wp-content\/uploads\/2022\/03\/BS_ka-8-768x1154.jpg 768w, https:\/\/nowymodel.org\/wp-content\/uploads\/2022\/03\/BS_ka-8-1022x1536.jpg 1022w, https:\/\/nowymodel.org\/wp-content\/uploads\/2022\/03\/BS_ka-8-8x12.jpg 8w, https:\/\/nowymodel.org\/wp-content\/uploads\/2022\/03\/BS_ka-8-1320x1983.jpg 1320w, https:\/\/nowymodel.org\/wp-content\/uploads\/2022\/03\/BS_ka-8-416x625.jpg 416w, https:\/\/nowymodel.org\/wp-content\/uploads\/2022\/03\/BS_ka-8.jpg 1331w\" sizes=\"(max-width: 681px) 100vw, 681px\" \/><\/figure>\n<\/div>\n<\/div>\n\n\n\n<ul class=\"wp-block-social-links is-style-default is-layout-flex wp-block-social-links-is-layout-flex\"><li class=\"wp-social-link wp-social-link-facebook  wp-block-social-link\"><a href=\"https:\/\/www.facebook.com\/katlaskowska\/\" class=\"wp-block-social-link-anchor\"><svg width=\"24\" height=\"24\" viewbox=\"0 0 24 24\" version=\"1.1\" xmlns=\"http:\/\/www.w3.org\/2000\/svg\" aria-hidden=\"true\" focusable=\"false\"><path d=\"M12 2C6.5 2 2 6.5 2 12c0 5 3.7 9.1 8.4 9.9v-7H7.9V12h2.5V9.8c0-2.5 1.5-3.9 3.8-3.9 1.1 0 2.2.2 2.2.2v2.5h-1.3c-1.2 0-1.6.8-1.6 1.6V12h2.8l-.4 2.9h-2.3v7C18.3 21.1 22 17 22 12c0-5.5-4.5-10-10-10z\"><\/path><\/svg><span class=\"wp-block-social-link-label screen-reader-text\">Facebook<\/span><\/a><\/li><\/ul>\n\n\n\n<div style=\"height:100px\" aria-hidden=\"true\" class=\"wp-block-spacer\"><\/div>\n\n\n\n<div style=\"height:0px\" aria-hidden=\"true\" class=\"wp-block-spacer\"><\/div>\n\n\n\n<div class=\"wp-block-group alignfull has-black-color has-text-color has-background has-link-color wp-elements-393b7e4d8217c160a836a20cabe519f6\" style=\"background-color:#d2cdc7\"><div class=\"wp-block-group__inner-container is-layout-flow wp-block-group-is-layout-flow\">\n<h2 class=\"alignwide has-text-align-center has-white-color has-text-color wp-block-heading\" style=\"font-size:46px;font-weight:400;line-height:1.1\">Designer products<\/h2>\n<\/div><\/div>\n\n\n\n<div style=\"height:100px\" aria-hidden=\"true\" class=\"wp-block-spacer\"><\/div>\n\n\n\n\n\n<p><\/p>","protected":false},"excerpt":{"rendered":"<p>\u201eMoja aktywno\u015b\u0107 zawodowa jest pomi\u0119dzy\u2026 projektowaniem, badaniem i&nbsp;edukacj\u0105\u201d. Profesorka Uniwersytetu Artystycznego w\u00a0Poznaniu. Kszta\u0142ci w\u00a0zakresie projektowania na Wydziale Architektury i\u00a0Wzornictwa. Gdy zdecydowa\u0142a si\u0119 studiowa\u0107 w\u00a0pozna\u0144skiej uczelni, mia\u0142a ju\u017c wa\u017cne do\u015bwiadczenia wyniesione ze studi\u00f3w w\u00a0Instytucie Archeologii i\u00a0Historii Sztuki na Sorbonie i\u00a0w Uniwersytecie Warszawskim. By\u0142a pierwsz\u0105 studentk\u0105 prof. Aleksandra Kuczmy, kt\u00f3ry w&nbsp;1991 r. za\u0142o\u017cy\u0142 w&nbsp;pozna\u0144skiej uczelni Pracowni\u0119 Projektowania [&hellip;]<\/p>\n","protected":false},"author":2,"featured_media":0,"parent":0,"menu_order":0,"comment_status":"closed","ping_status":"closed","template":"template-fullwidth.php","meta":{"footnotes":""},"class_list":["post-686","page","type-page","status-publish","hentry"],"yoast_head":"<!-- This site is optimized with the Yoast SEO plugin v22.4 - https:\/\/yoast.com\/wordpress\/plugins\/seo\/ -->\n<title>Katarzyna Laskowska - nowymodel.org<\/title>\n<meta name=\"description\" content=\"Profesorka Uniwersytetu Artystycznego w\u00a0Poznaniu. Kszta\u0142ci w\u00a0zakresie projektowania na Wydziale Architektury i\u00a0Wzornictwa.\" \/>\n<meta name=\"robots\" content=\"index, follow, max-snippet:-1, max-image-preview:large, max-video-preview:-1\" \/>\n<link rel=\"canonical\" href=\"https:\/\/nowymodel.org\/en\/katarzyna-laskowska\/\" \/>\n<meta property=\"og:locale\" content=\"en_GB\" \/>\n<meta property=\"og:type\" content=\"article\" \/>\n<meta property=\"og:title\" content=\"Katarzyna Laskowska - nowymodel.org\" \/>\n<meta property=\"og:description\" content=\"Profesorka Uniwersytetu Artystycznego w\u00a0Poznaniu. Kszta\u0142ci w\u00a0zakresie projektowania na Wydziale Architektury i\u00a0Wzornictwa.\" \/>\n<meta property=\"og:url\" content=\"https:\/\/nowymodel.org\/en\/katarzyna-laskowska\/\" \/>\n<meta property=\"og:site_name\" content=\"nowymodel.org\" \/>\n<meta property=\"article:modified_time\" content=\"2022-05-12T12:23:39+00:00\" \/>\n<meta property=\"og:image\" content=\"https:\/\/nowymodel.org\/wp-content\/uploads\/2022\/03\/Elastyczna-przestrzen-1-1170x700-1.jpg\" \/>\n<meta name=\"twitter:card\" content=\"summary_large_image\" \/>\n<meta name=\"twitter:label1\" content=\"Estimated reading time\" \/>\n\t<meta name=\"twitter:data1\" content=\"2 minutes\" \/>\n<script type=\"application\/ld+json\" class=\"yoast-schema-graph\">{\"@context\":\"https:\/\/schema.org\",\"@graph\":[{\"@type\":\"WebPage\",\"@id\":\"https:\/\/nowymodel.org\/katarzyna-laskowska\/\",\"url\":\"https:\/\/nowymodel.org\/katarzyna-laskowska\/\",\"name\":\"Katarzyna Laskowska - nowymodel.org\",\"isPartOf\":{\"@id\":\"https:\/\/nowymodel.org\/#website\"},\"primaryImageOfPage\":{\"@id\":\"https:\/\/nowymodel.org\/katarzyna-laskowska\/#primaryimage\"},\"image\":{\"@id\":\"https:\/\/nowymodel.org\/katarzyna-laskowska\/#primaryimage\"},\"thumbnailUrl\":\"https:\/\/nowymodel.org\/wp-content\/uploads\/2022\/03\/Elastyczna-przestrzen-1-1170x700-1.jpg\",\"datePublished\":\"2022-03-23T13:44:27+00:00\",\"dateModified\":\"2022-05-12T12:23:39+00:00\",\"description\":\"Profesorka Uniwersytetu Artystycznego w\u00a0Poznaniu. Kszta\u0142ci w\u00a0zakresie projektowania na Wydziale Architektury i\u00a0Wzornictwa.\",\"inLanguage\":\"en-GB\",\"potentialAction\":[{\"@type\":\"ReadAction\",\"target\":[\"https:\/\/nowymodel.org\/katarzyna-laskowska\/\"]}]},{\"@type\":\"ImageObject\",\"inLanguage\":\"en-GB\",\"@id\":\"https:\/\/nowymodel.org\/katarzyna-laskowska\/#primaryimage\",\"url\":\"https:\/\/nowymodel.org\/wp-content\/uploads\/2022\/03\/Elastyczna-przestrzen-1-1170x700-1.jpg\",\"contentUrl\":\"https:\/\/nowymodel.org\/wp-content\/uploads\/2022\/03\/Elastyczna-przestrzen-1-1170x700-1.jpg\"},{\"@type\":\"WebSite\",\"@id\":\"https:\/\/nowymodel.org\/#website\",\"url\":\"https:\/\/nowymodel.org\/\",\"name\":\"nowymodel.org\",\"description\":\"\",\"potentialAction\":[{\"@type\":\"SearchAction\",\"target\":{\"@type\":\"EntryPoint\",\"urlTemplate\":\"https:\/\/nowymodel.org\/?s={search_term_string}\"},\"query-input\":\"required name=search_term_string\"}],\"inLanguage\":\"en-GB\"}]}<\/script>\n<!-- \/ Yoast SEO plugin. -->","yoast_head_json":{"title":"Katarzyna Laskowska - nowymodel.org","description":"Profesorka Uniwersytetu Artystycznego w\u00a0Poznaniu. Kszta\u0142ci w\u00a0zakresie projektowania na Wydziale Architektury i\u00a0Wzornictwa.","robots":{"index":"index","follow":"follow","max-snippet":"max-snippet:-1","max-image-preview":"max-image-preview:large","max-video-preview":"max-video-preview:-1"},"canonical":"https:\/\/nowymodel.org\/en\/katarzyna-laskowska\/","og_locale":"en_GB","og_type":"article","og_title":"Katarzyna Laskowska - nowymodel.org","og_description":"Profesorka Uniwersytetu Artystycznego w\u00a0Poznaniu. Kszta\u0142ci w\u00a0zakresie projektowania na Wydziale Architektury i\u00a0Wzornictwa.","og_url":"https:\/\/nowymodel.org\/en\/katarzyna-laskowska\/","og_site_name":"nowymodel.org","article_modified_time":"2022-05-12T12:23:39+00:00","og_image":[{"url":"https:\/\/nowymodel.org\/wp-content\/uploads\/2022\/03\/Elastyczna-przestrzen-1-1170x700-1.jpg"}],"twitter_card":"summary_large_image","twitter_misc":{"Estimated reading time":"2 minutes"},"schema":{"@context":"https:\/\/schema.org","@graph":[{"@type":"WebPage","@id":"https:\/\/nowymodel.org\/katarzyna-laskowska\/","url":"https:\/\/nowymodel.org\/katarzyna-laskowska\/","name":"Katarzyna Laskowska - nowymodel.org","isPartOf":{"@id":"https:\/\/nowymodel.org\/#website"},"primaryImageOfPage":{"@id":"https:\/\/nowymodel.org\/katarzyna-laskowska\/#primaryimage"},"image":{"@id":"https:\/\/nowymodel.org\/katarzyna-laskowska\/#primaryimage"},"thumbnailUrl":"https:\/\/nowymodel.org\/wp-content\/uploads\/2022\/03\/Elastyczna-przestrzen-1-1170x700-1.jpg","datePublished":"2022-03-23T13:44:27+00:00","dateModified":"2022-05-12T12:23:39+00:00","description":"Profesorka Uniwersytetu Artystycznego w\u00a0Poznaniu. Kszta\u0142ci w\u00a0zakresie projektowania na Wydziale Architektury i\u00a0Wzornictwa.","inLanguage":"en-GB","potentialAction":[{"@type":"ReadAction","target":["https:\/\/nowymodel.org\/katarzyna-laskowska\/"]}]},{"@type":"ImageObject","inLanguage":"en-GB","@id":"https:\/\/nowymodel.org\/katarzyna-laskowska\/#primaryimage","url":"https:\/\/nowymodel.org\/wp-content\/uploads\/2022\/03\/Elastyczna-przestrzen-1-1170x700-1.jpg","contentUrl":"https:\/\/nowymodel.org\/wp-content\/uploads\/2022\/03\/Elastyczna-przestrzen-1-1170x700-1.jpg"},{"@type":"WebSite","@id":"https:\/\/nowymodel.org\/#website","url":"https:\/\/nowymodel.org\/","name":"nowymodel.org","description":"","potentialAction":[{"@type":"SearchAction","target":{"@type":"EntryPoint","urlTemplate":"https:\/\/nowymodel.org\/?s={search_term_string}"},"query-input":"required name=search_term_string"}],"inLanguage":"en-GB"}]}},"_links":{"self":[{"href":"https:\/\/nowymodel.org\/en\/wp-json\/wp\/v2\/pages\/686","targetHints":{"allow":["GET"]}}],"collection":[{"href":"https:\/\/nowymodel.org\/en\/wp-json\/wp\/v2\/pages"}],"about":[{"href":"https:\/\/nowymodel.org\/en\/wp-json\/wp\/v2\/types\/page"}],"author":[{"embeddable":true,"href":"https:\/\/nowymodel.org\/en\/wp-json\/wp\/v2\/users\/2"}],"replies":[{"embeddable":true,"href":"https:\/\/nowymodel.org\/en\/wp-json\/wp\/v2\/comments?post=686"}],"version-history":[{"count":10,"href":"https:\/\/nowymodel.org\/en\/wp-json\/wp\/v2\/pages\/686\/revisions"}],"predecessor-version":[{"id":12958,"href":"https:\/\/nowymodel.org\/en\/wp-json\/wp\/v2\/pages\/686\/revisions\/12958"}],"wp:attachment":[{"href":"https:\/\/nowymodel.org\/en\/wp-json\/wp\/v2\/media?parent=686"}],"curies":[{"name":"wp","href":"https:\/\/api.w.org\/{rel}","templated":true}]}}